{"id":899,"date":"2021-01-20T11:06:07","date_gmt":"2021-01-20T10:06:07","guid":{"rendered":"http:\/\/www.tischlerei-langen.de\/ws\/?page_id=899"},"modified":"2025-08-26T11:36:25","modified_gmt":"2025-08-26T09:36:25","slug":"impressum","status":"publish","type":"page","link":"https:\/\/www.tischlerei-langen.de\/ws\/impressum\/","title":{"rendered":"Impressum"},"content":{"rendered":"\t\t<div data-elementor-type=\"wp-page\" data-elementor-id=\"899\" class=\"elementor elementor-899\" data-elementor-post-type=\"page\">\n\t\t\t\t\t\t<section class=\"elementor-section elementor-top-section elementor-element elementor-element-4d119772 elementor-section-boxed elementor-section-height-default elementor-section-height-default\" data-id=\"4d119772\" data-element_type=\"section\" data-settings=\"{&quot;background_background&quot;:&quot;classic&quot;,&quot;motion_fx_motion_fx_scrolling&quot;:&quot;yes&quot;,&quot;sticky&quot;:&quot;top&quot;,&quot;motion_fx_devices&quot;:[&quot;desktop&quot;,&quot;tablet&quot;,&quot;mobile&quot;],&quot;sticky_on&quot;:[&quot;desktop&quot;,&quot;tablet&quot;,&quot;mobile&quot;],&quot;sticky_offset&quot;:0,&quot;sticky_effects_offset&quot;:0}\">\n\t\t\t\t\t\t<div class=\"elementor-container elementor-column-gap-default\">\n\t\t\t\t\t<div class=\"elementor-column elementor-col-33 elementor-top-column elementor-element elementor-element-7f8e7fcd elementor-hidden-phone\" data-id=\"7f8e7fcd\" data-element_type=\"column\">\n\t\t\t<div class=\"elementor-widget-wrap elementor-element-populated\">\n\t\t\t\t\t\t<div class=\"elementor-element elementor-element-3ba23c26 elementor-nav-menu__align-justify elementor-hidden-tablet elementor-hidden-phone elementor-nav-menu--dropdown-tablet elementor-nav-menu__text-align-aside elementor-nav-menu--toggle elementor-nav-menu--burger elementor-widget elementor-widget-nav-menu\" data-id=\"3ba23c26\" data-element_type=\"widget\" data-settings=\"{&quot;submenu_icon&quot;:{&quot;value&quot;:&quot;&lt;i class=\\&quot;\\&quot;&gt;&lt;\\\/i&gt;&quot;,&quot;library&quot;:&quot;&quot;},&quot;layout&quot;:&quot;horizontal&quot;,&quot;toggle&quot;:&quot;burger&quot;}\" data-widget_type=\"nav-menu.default\">\n\t\t\t\t<div class=\"elementor-widget-container\">\n\t\t\t\t\t\t<nav class=\"elementor-nav-menu--main elementor-nav-menu__container elementor-nav-menu--layout-horizontal e--pointer-text e--animation-grow\">\n\t\t\t\t<ul id=\"menu-1-3ba23c26\" class=\"elementor-nav-menu\"><li class=\"menu-item menu-item-type-post_type menu-item-object-page menu-item-821\"><a href=\"https:\/\/www.tischlerei-langen.de\/ws\/?page_id=812\" class=\"elementor-item\">Holztreppen \/ Schr\u00e4nke<\/a><\/li>\n<li class=\"menu-item menu-item-type-post_type menu-item-object-page menu-item-820\"><a href=\"https:\/\/www.tischlerei-langen.de\/ws\/?page_id=819\" class=\"elementor-item\">Fenster \/ T\u00fcren<\/a><\/li>\n<\/ul>\t\t\t<\/nav>\n\t\t\t\t\t<div class=\"elementor-menu-toggle\" role=\"button\" tabindex=\"0\" aria-label=\"Men\u00fc Umschalter\" aria-expanded=\"false\">\n\t\t\t<i aria-hidden=\"true\" role=\"presentation\" class=\"elementor-menu-toggle__icon--open eicon-menu-bar\"><\/i><i aria-hidden=\"true\" role=\"presentation\" class=\"elementor-menu-toggle__icon--close eicon-close\"><\/i>\t\t\t<span class=\"elementor-screen-only\">Men\u00fc<\/span>\n\t\t<\/div>\n\t\t\t\t\t<nav class=\"elementor-nav-menu--dropdown elementor-nav-menu__container\" aria-hidden=\"true\">\n\t\t\t\t<ul id=\"menu-2-3ba23c26\" class=\"elementor-nav-menu\"><li class=\"menu-item menu-item-type-post_type menu-item-object-page menu-item-821\"><a href=\"https:\/\/www.tischlerei-langen.de\/ws\/?page_id=812\" class=\"elementor-item\" tabindex=\"-1\">Holztreppen \/ Schr\u00e4nke<\/a><\/li>\n<li class=\"menu-item menu-item-type-post_type menu-item-object-page menu-item-820\"><a href=\"https:\/\/www.tischlerei-langen.de\/ws\/?page_id=819\" class=\"elementor-item\" tabindex=\"-1\">Fenster \/ T\u00fcren<\/a><\/li>\n<\/ul>\t\t\t<\/nav>\n\t\t\t\t<\/div>\n\t\t\t\t<\/div>\n\t\t\t\t\t<\/div>\n\t\t<\/div>\n\t\t\t\t<div class=\"elementor-column elementor-col-33 elementor-top-column elementor-element elementor-element-38c18a43\" data-id=\"38c18a43\" data-element_type=\"column\">\n\t\t\t<div class=\"elementor-widget-wrap elementor-element-populated\">\n\t\t\t\t\t\t<div class=\"elementor-element elementor-element-67031e7a elementor-widget elementor-widget-image\" data-id=\"67031e7a\" data-element_type=\"widget\" data-widget_type=\"image.default\">\n\t\t\t\t<div class=\"elementor-widget-container\">\n\t\t\t\t\t\t\t\t\t\t\t\t\t\t<a href=\"http:\/\/www.tischlerei-langen.de\/ws\/startseite\/\">\n\t\t\t\t\t\t\t<img decoding=\"async\" width=\"280\" height=\"115\" src=\"https:\/\/www.tischlerei-langen.de\/ws\/wp-content\/uploads\/2021\/01\/Tischlerei-Langen-Rhede-Ems-logo.png\" class=\"attachment-full size-full wp-image-8\" alt=\"\" \/>\t\t\t\t\t\t\t\t<\/a>\n\t\t\t\t\t\t\t\t\t\t\t\t\t<\/div>\n\t\t\t\t<\/div>\n\t\t\t\t<div class=\"elementor-element elementor-element-408a0b4 elementor-hidden-desktop elementor-nav-menu__text-align-center elementor-nav-menu--toggle elementor-nav-menu--burger elementor-widget elementor-widget-nav-menu\" data-id=\"408a0b4\" data-element_type=\"widget\" data-settings=\"{&quot;layout&quot;:&quot;dropdown&quot;,&quot;submenu_icon&quot;:{&quot;value&quot;:&quot;&lt;i class=\\&quot;fas fa-caret-down\\&quot;&gt;&lt;\\\/i&gt;&quot;,&quot;library&quot;:&quot;fa-solid&quot;},&quot;toggle&quot;:&quot;burger&quot;}\" data-widget_type=\"nav-menu.default\">\n\t\t\t\t<div class=\"elementor-widget-container\">\n\t\t\t\t\t<div class=\"elementor-menu-toggle\" role=\"button\" tabindex=\"0\" aria-label=\"Men\u00fc Umschalter\" aria-expanded=\"false\">\n\t\t\t<i aria-hidden=\"true\" role=\"presentation\" class=\"elementor-menu-toggle__icon--open eicon-menu-bar\"><\/i><i aria-hidden=\"true\" role=\"presentation\" class=\"elementor-menu-toggle__icon--close eicon-close\"><\/i>\t\t\t<span class=\"elementor-screen-only\">Men\u00fc<\/span>\n\t\t<\/div>\n\t\t\t\t\t<nav class=\"elementor-nav-menu--dropdown elementor-nav-menu__container\" aria-hidden=\"true\">\n\t\t\t\t<ul id=\"menu-2-408a0b4\" class=\"elementor-nav-menu\"><li class=\"menu-item menu-item-type-post_type menu-item-object-page menu-item-home menu-item-1940\"><a href=\"https:\/\/www.tischlerei-langen.de\/ws\/\" class=\"elementor-item\" tabindex=\"-1\">Startseite<\/a><\/li>\n<li class=\"menu-item menu-item-type-post_type menu-item-object-page menu-item-1939\"><a href=\"https:\/\/www.tischlerei-langen.de\/ws\/holztechnik_2\/\" class=\"elementor-item\" tabindex=\"-1\">Holztreppen \/ Schr\u00e4nke<\/a><\/li>\n<li class=\"menu-item menu-item-type-post_type menu-item-object-page menu-item-1941\"><a href=\"https:\/\/www.tischlerei-langen.de\/ws\/kunststofftechnik-2\/\" class=\"elementor-item\" tabindex=\"-1\">Fenster \/ T\u00fcren<\/a><\/li>\n<li class=\"menu-item menu-item-type-post_type menu-item-object-page menu-item-1942\"><a href=\"https:\/\/www.tischlerei-langen.de\/ws\/insektenschutz-2-2\/\" class=\"elementor-item\" tabindex=\"-1\">Fliegengitter<\/a><\/li>\n<li class=\"menu-item menu-item-type-post_type menu-item-object-page menu-item-1943\"><a href=\"https:\/\/www.tischlerei-langen.de\/ws\/kontakt\/\" class=\"elementor-item\" tabindex=\"-1\">Karriere | \u00dcber uns<\/a><\/li>\n<\/ul>\t\t\t<\/nav>\n\t\t\t\t<\/div>\n\t\t\t\t<\/div>\n\t\t\t\t\t<\/div>\n\t\t<\/div>\n\t\t\t\t<div class=\"elementor-column elementor-col-33 elementor-top-column elementor-element elementor-element-1685722f elementor-hidden-tablet elementor-hidden-phone\" data-id=\"1685722f\" data-element_type=\"column\">\n\t\t\t<div class=\"elementor-widget-wrap elementor-element-populated\">\n\t\t\t\t\t\t<div class=\"elementor-element elementor-element-7c1db4fb elementor-nav-menu__align-justify elementor-hidden-tablet elementor-hidden-phone elementor-nav-menu--dropdown-tablet elementor-nav-menu__text-align-aside elementor-nav-menu--toggle elementor-nav-menu--burger elementor-widget elementor-widget-nav-menu\" data-id=\"7c1db4fb\" data-element_type=\"widget\" data-settings=\"{&quot;submenu_icon&quot;:{&quot;value&quot;:&quot;&lt;i class=\\&quot;\\&quot;&gt;&lt;\\\/i&gt;&quot;,&quot;library&quot;:&quot;&quot;},&quot;layout&quot;:&quot;horizontal&quot;,&quot;toggle&quot;:&quot;burger&quot;}\" data-widget_type=\"nav-menu.default\">\n\t\t\t\t<div class=\"elementor-widget-container\">\n\t\t\t\t\t\t<nav class=\"elementor-nav-menu--main elementor-nav-menu__container elementor-nav-menu--layout-horizontal e--pointer-text e--animation-grow\">\n\t\t\t\t<ul id=\"menu-1-7c1db4fb\" class=\"elementor-nav-menu\"><li class=\"menu-item menu-item-type-post_type menu-item-object-page menu-item-821\"><a href=\"https:\/\/www.tischlerei-langen.de\/ws\/?page_id=812\" class=\"elementor-item\">Holztreppen \/ Schr\u00e4nke<\/a><\/li>\n<li class=\"menu-item menu-item-type-post_type menu-item-object-page menu-item-820\"><a href=\"https:\/\/www.tischlerei-langen.de\/ws\/?page_id=819\" class=\"elementor-item\">Fenster \/ T\u00fcren<\/a><\/li>\n<\/ul>\t\t\t<\/nav>\n\t\t\t\t\t<div class=\"elementor-menu-toggle\" role=\"button\" tabindex=\"0\" aria-label=\"Men\u00fc Umschalter\" aria-expanded=\"false\">\n\t\t\t<i aria-hidden=\"true\" role=\"presentation\" class=\"elementor-menu-toggle__icon--open eicon-menu-bar\"><\/i><i aria-hidden=\"true\" role=\"presentation\" class=\"elementor-menu-toggle__icon--close eicon-close\"><\/i>\t\t\t<span class=\"elementor-screen-only\">Men\u00fc<\/span>\n\t\t<\/div>\n\t\t\t\t\t<nav class=\"elementor-nav-menu--dropdown elementor-nav-menu__container\" aria-hidden=\"true\">\n\t\t\t\t<ul id=\"menu-2-7c1db4fb\" class=\"elementor-nav-menu\"><li class=\"menu-item menu-item-type-post_type menu-item-object-page menu-item-821\"><a href=\"https:\/\/www.tischlerei-langen.de\/ws\/?page_id=812\" class=\"elementor-item\" tabindex=\"-1\">Holztreppen \/ Schr\u00e4nke<\/a><\/li>\n<li class=\"menu-item menu-item-type-post_type menu-item-object-page menu-item-820\"><a href=\"https:\/\/www.tischlerei-langen.de\/ws\/?page_id=819\" class=\"elementor-item\" tabindex=\"-1\">Fenster \/ T\u00fcren<\/a><\/li>\n<\/ul>\t\t\t<\/nav>\n\t\t\t\t<\/div>\n\t\t\t\t<\/div>\n\t\t\t\t\t<\/div>\n\t\t<\/div>\n\t\t\t\t\t<\/div>\n\t\t<\/section>\n\t\t\t\t<section class=\"elementor-section elementor-top-section elementor-element elementor-element-3bea83e elementor-section-boxed elementor-section-height-default elementor-section-height-default\" data-id=\"3bea83e\" data-element_type=\"section\">\n\t\t\t\t\t\t<div class=\"elementor-container elementor-column-gap-default\">\n\t\t\t\t\t<div class=\"elementor-column elementor-col-100 elementor-top-column elementor-element elementor-element-55bf3577\" data-id=\"55bf3577\" data-element_type=\"column\">\n\t\t\t<div class=\"elementor-widget-wrap elementor-element-populated\">\n\t\t\t\t\t\t<div class=\"elementor-element elementor-element-1d127f58 elementor-widget elementor-widget-heading\" data-id=\"1d127f58\" data-element_type=\"widget\" data-widget_type=\"heading.default\">\n\t\t\t\t<div class=\"elementor-widget-container\">\n\t\t\t<h2 class=\"elementor-heading-title elementor-size-default\">IMPRESSUM<\/h2>\t\t<\/div>\n\t\t\t\t<\/div>\n\t\t\t\t<div class=\"elementor-element elementor-element-2ade831c elementor-widget elementor-widget-text-editor\" data-id=\"2ade831c\" data-element_type=\"widget\" data-widget_type=\"text-editor.default\">\n\t\t\t\t<div class=\"elementor-widget-container\">\n\t\t\t\t\t\t\t<p>Tischlerei H. Langen GmbH &amp; Co. KG<br \/>Am Spiek 3<br \/>26899 Rhede (Ems)<\/p><p>Handelsregister: HRA 121380<br \/>Registergericht: Amtsgericht Osnabr\u00fcck<\/p><p><strong>Vertreten durch:<\/strong><br \/>Tischlerei H. Langen Verwaltungs GmbH<\/p><p>Diese vertreten durch:<br \/>Christian Langen, Alexander Langen<\/p><p>Handelsregister: HRA 122068<br \/>Registergericht: Amtsgericht Osnabr\u00fcck<\/p><h2>Kontakt<\/h2><p>Telefon: 04964 957110<br \/>Telefax: 04964 9571150<br \/>E-Mail: info@tischlerei-langen.de<\/p><h2>Umsatzsteuer-ID<\/h2><p>Umsatzsteuer-Identifikationsnummer gem\u00e4\u00df \u00a7 27 a Umsatzsteuergesetz:<br \/>DE234580533<\/p><h2>Streitschlichtung<\/h2><p>Die f\u00fcr die Tischlerei Langen GmbH&amp;Co.KG zust\u00e4ndige Verbraucherschlichtungsstelle ist die <br \/>Universalschlichtungsstelle des Bundes am Zentrum f\u00fcr Schlichtung e.V.<br \/>Stra\u00dfburger Stra\u00dfe 8, 77694 Kehl am Rhein<br \/>Telefon 07851 \/ 795 79 40<br \/>Fax 07851 \/ 795 79 41<br \/>E-Mail: mail@universalschlichtungsstelle.de<\/p><p>Webseite: <span style=\"color: #000000;\"><a style=\"color: #000000;\" href=\"http:\/\/www.universalschlichtungsstelle.de\">www.universalschlichtungsstelle.de<\/a><\/span><\/p><p>Die Tischlerei Langen GmbH&amp;Co.KG beteiligt sich nicht an Verbraucherschlichtungsverfahren vor der zuvor genannten Verbraucherschlichtungsstelle nach dem Verbraucherstreitbeilegungsgesetz.<\/p><p>Streitigkeiten \u00fcber den Vertrag und dessen Ausf\u00fchrung k\u00f6nnen vor der Vermittlungsstelle Kreishandwerkerschaft Aschendorf-H\u00fcmmling, Borkumer Stra\u00dfe 20-24, 26871 Papenburg, Tel. 04961 \/ 8393-0, Fax 04961 \/ 8393-20, E-Mail: kh@handwerk-papenburg.de, Webseite: <span style=\"color: #000000;\"><a style=\"color: #000000;\" href=\"http:\/\/www.handwerk-papenburg.de\">www.handwerk-papenburg.de<\/a> <\/span>verhandelt werden.<\/p>\t\t\t\t\t\t<\/div>\n\t\t\t\t<\/div>\n\t\t\t\t\t<\/div>\n\t\t<\/div>\n\t\t\t\t\t<\/div>\n\t\t<\/section>\n\t\t\t\t<section class=\"elementor-section elementor-top-section elementor-element elementor-element-75cb83b elementor-section-boxed elementor-section-height-default elementor-section-height-default\" data-id=\"75cb83b\" data-element_type=\"section\">\n\t\t\t\t\t\t<div class=\"elementor-container elementor-column-gap-default\">\n\t\t\t\t\t<div class=\"elementor-column elementor-col-100 elementor-top-column elementor-element elementor-element-7675910b\" data-id=\"7675910b\" data-element_type=\"column\">\n\t\t\t<div class=\"elementor-widget-wrap elementor-element-populated\">\n\t\t\t\t\t\t<div class=\"elementor-element elementor-element-2d0e59a0 elementor-widget elementor-widget-text-editor\" data-id=\"2d0e59a0\" data-element_type=\"widget\" data-widget_type=\"text-editor.default\">\n\t\t\t\t<div class=\"elementor-widget-container\">\n\t\t\t\t\t\t\t<p><a href=\"http:\/\/www.tischlerei-langen.de\/ws\/impressum\/\">Impressum<\/a> | <a href=\"http:\/\/www.tischlerei-langen.de\/ws\/datenschutz\/\">Datenschutzerkl\u00e4rung<\/a><\/p>\t\t\t\t\t\t<\/div>\n\t\t\t\t<\/div>\n\t\t\t\t\t<\/div>\n\t\t<\/div>\n\t\t\t\t\t<\/div>\n\t\t<\/section>\n\t\t\t\t<section class=\"elementor-section elementor-top-section elementor-element elementor-element-255ae93a elementor-section-full_width elementor-section-height-default elementor-section-height-default\" data-id=\"255ae93a\" data-element_type=\"section\" data-settings=\"{&quot;motion_fx_motion_fx_scrolling&quot;:&quot;yes&quot;,&quot;motion_fx_range&quot;:&quot;viewport&quot;,&quot;sticky&quot;:&quot;bottom&quot;,&quot;sticky_offset&quot;:15,&quot;motion_fx_devices&quot;:[&quot;desktop&quot;,&quot;tablet&quot;,&quot;mobile&quot;],&quot;sticky_on&quot;:[&quot;desktop&quot;,&quot;tablet&quot;,&quot;mobile&quot;],&quot;sticky_effects_offset&quot;:0}\">\n\t\t\t\t\t\t<div class=\"elementor-container elementor-column-gap-default\">\n\t\t\t\t\t<div class=\"elementor-column elementor-col-50 elementor-top-column elementor-element elementor-element-518a59f\" data-id=\"518a59f\" data-element_type=\"column\">\n\t\t\t<div class=\"elementor-widget-wrap elementor-element-populated\">\n\t\t\t\t\t\t<div class=\"elementor-element elementor-element-4ddd3a6d elementor-view-default elementor-widget elementor-widget-icon\" data-id=\"4ddd3a6d\" data-element_type=\"widget\" data-widget_type=\"icon.default\">\n\t\t\t\t<div class=\"elementor-widget-container\">\n\t\t\t\t\t<div class=\"elementor-icon-wrapper\">\n\t\t\t<a class=\"elementor-icon elementor-animation-grow\" href=\"tel:+494964957110\">\n\t\t\t<i aria-hidden=\"true\" class=\"icon icon-phone-call2\"><\/i>\t\t\t<\/a>\n\t\t<\/div>\n\t\t\t\t<\/div>\n\t\t\t\t<\/div>\n\t\t\t\t\t<\/div>\n\t\t<\/div>\n\t\t\t\t<div class=\"elementor-column elementor-col-50 elementor-top-column elementor-element elementor-element-2c2190f8\" data-id=\"2c2190f8\" data-element_type=\"column\">\n\t\t\t<div class=\"elementor-widget-wrap\">\n\t\t\t\t\t\t\t<\/div>\n\t\t<\/div>\n\t\t\t\t\t<\/div>\n\t\t<\/section>\n\t\t\t\t<\/div>\n\t\t","protected":false},"excerpt":{"rendered":"<p>IMPRESSUM Tischlerei H. Langen GmbH &amp; Co. KGAm Spiek 326899 Rhede (Ems) Handelsregister: HRA 121380Registergericht: Amtsgericht Osnabr\u00fcck Vertreten durch:Tischlerei H. Langen Verwaltungs GmbH Diese vertreten durch:Christian Langen, Alexander Langen Handelsregister: HRA 122068Registergericht: Amtsgericht Osnabr\u00fcck Kontakt Telefon: 04964 957110Telefax: 04964 9571150E-Mail: info@tischlerei-langen.de Umsatzsteuer-ID Umsatzsteuer-Identifikationsnummer gem\u00e4\u00df \u00a7 27 a Umsatzsteuergesetz:DE234580533 Streitschlichtung Die f\u00fcr die Tischlerei Langen GmbH&amp;Co.KG [&hellip;]<\/p>\n","protected":false},"author":1,"featured_media":0,"parent":0,"menu_order":0,"comment_status":"closed","ping_status":"closed","template":"elementor_canvas","meta":{"footnotes":""},"class_list":["post-899","page","type-page","status-publish","hentry"],"_links":{"self":[{"href":"https:\/\/www.tischlerei-langen.de\/ws\/wp-json\/wp\/v2\/pages\/899","targetHints":{"allow":["GET"]}}],"collection":[{"href":"https:\/\/www.tischlerei-langen.de\/ws\/wp-json\/wp\/v2\/pages"}],"about":[{"href":"https:\/\/www.tischlerei-langen.de\/ws\/wp-json\/wp\/v2\/types\/page"}],"author":[{"embeddable":true,"href":"https:\/\/www.tischlerei-langen.de\/ws\/wp-json\/wp\/v2\/users\/1"}],"replies":[{"embeddable":true,"href":"https:\/\/www.tischlerei-langen.de\/ws\/wp-json\/wp\/v2\/comments?post=899"}],"version-history":[{"count":46,"href":"https:\/\/www.tischlerei-langen.de\/ws\/wp-json\/wp\/v2\/pages\/899\/revisions"}],"predecessor-version":[{"id":2119,"href":"https:\/\/www.tischlerei-langen.de\/ws\/wp-json\/wp\/v2\/pages\/899\/revisions\/2119"}],"wp:attachment":[{"href":"https:\/\/www.tischlerei-langen.de\/ws\/wp-json\/wp\/v2\/media?parent=899"}],"curies":[{"name":"wp","href":"https:\/\/api.w.org\/{rel}","templated":true}]}}