{"id":914,"date":"2021-01-20T11:17:41","date_gmt":"2021-01-20T10:17:41","guid":{"rendered":"http:\/\/www.tischlerei-langen.de\/ws\/?page_id=914"},"modified":"2021-01-21T14:25:24","modified_gmt":"2021-01-21T13:25:24","slug":"koemmerling","status":"publish","type":"page","link":"https:\/\/www.tischlerei-langen.de\/ws\/koemmerling\/","title":{"rendered":"K\u00f6mmerling"},"content":{"rendered":"\t\t<div data-elementor-type=\"wp-page\" data-elementor-id=\"914\" class=\"elementor elementor-914\" data-elementor-post-type=\"page\">\n\t\t\t\t\t\t<section class=\"elementor-section elementor-top-section elementor-element elementor-element-58d37460 elementor-section-boxed elementor-section-height-default elementor-section-height-default\" data-id=\"58d37460\" data-element_type=\"section\" data-settings=\"{&quot;background_background&quot;:&quot;classic&quot;,&quot;motion_fx_motion_fx_scrolling&quot;:&quot;yes&quot;,&quot;sticky&quot;:&quot;top&quot;,&quot;motion_fx_devices&quot;:[&quot;desktop&quot;,&quot;tablet&quot;,&quot;mobile&quot;],&quot;sticky_on&quot;:[&quot;desktop&quot;,&quot;tablet&quot;,&quot;mobile&quot;],&quot;sticky_offset&quot;:0,&quot;sticky_effects_offset&quot;:0}\">\n\t\t\t\t\t\t<div class=\"elementor-container elementor-column-gap-default\">\n\t\t\t\t\t<div class=\"elementor-column elementor-col-33 elementor-top-column elementor-element elementor-element-65704c74\" data-id=\"65704c74\" data-element_type=\"column\">\n\t\t\t<div class=\"elementor-widget-wrap elementor-element-populated\">\n\t\t\t\t\t\t<div class=\"elementor-element elementor-element-4dcac548 elementor-nav-menu__align-justify elementor-hidden-tablet elementor-hidden-phone elementor-nav-menu--dropdown-tablet elementor-nav-menu__text-align-aside elementor-nav-menu--toggle elementor-nav-menu--burger elementor-widget elementor-widget-nav-menu\" data-id=\"4dcac548\" data-element_type=\"widget\" data-settings=\"{&quot;submenu_icon&quot;:{&quot;value&quot;:&quot;&lt;i class=\\&quot;\\&quot;&gt;&lt;\\\/i&gt;&quot;,&quot;library&quot;:&quot;&quot;},&quot;layout&quot;:&quot;horizontal&quot;,&quot;toggle&quot;:&quot;burger&quot;}\" data-widget_type=\"nav-menu.default\">\n\t\t\t\t<div class=\"elementor-widget-container\">\n\t\t\t\t\t\t<nav class=\"elementor-nav-menu--main elementor-nav-menu__container elementor-nav-menu--layout-horizontal e--pointer-text e--animation-grow\">\n\t\t\t\t<ul id=\"menu-1-4dcac548\" class=\"elementor-nav-menu\"><li class=\"menu-item menu-item-type-post_type menu-item-object-page menu-item-821\"><a href=\"https:\/\/www.tischlerei-langen.de\/ws\/?page_id=812\" class=\"elementor-item\">Holztreppen \/ Schr\u00e4nke<\/a><\/li>\n<li class=\"menu-item menu-item-type-post_type menu-item-object-page menu-item-820\"><a href=\"https:\/\/www.tischlerei-langen.de\/ws\/?page_id=819\" class=\"elementor-item\">Fenster \/ T\u00fcren<\/a><\/li>\n<\/ul>\t\t\t<\/nav>\n\t\t\t\t\t<div class=\"elementor-menu-toggle\" role=\"button\" tabindex=\"0\" aria-label=\"Men\u00fc Umschalter\" aria-expanded=\"false\">\n\t\t\t<i aria-hidden=\"true\" role=\"presentation\" class=\"elementor-menu-toggle__icon--open eicon-menu-bar\"><\/i><i aria-hidden=\"true\" role=\"presentation\" class=\"elementor-menu-toggle__icon--close eicon-close\"><\/i>\t\t\t<span class=\"elementor-screen-only\">Men\u00fc<\/span>\n\t\t<\/div>\n\t\t\t\t\t<nav class=\"elementor-nav-menu--dropdown elementor-nav-menu__container\" aria-hidden=\"true\">\n\t\t\t\t<ul id=\"menu-2-4dcac548\" class=\"elementor-nav-menu\"><li class=\"menu-item menu-item-type-post_type menu-item-object-page menu-item-821\"><a href=\"https:\/\/www.tischlerei-langen.de\/ws\/?page_id=812\" class=\"elementor-item\" tabindex=\"-1\">Holztreppen \/ Schr\u00e4nke<\/a><\/li>\n<li class=\"menu-item menu-item-type-post_type menu-item-object-page menu-item-820\"><a href=\"https:\/\/www.tischlerei-langen.de\/ws\/?page_id=819\" class=\"elementor-item\" tabindex=\"-1\">Fenster \/ T\u00fcren<\/a><\/li>\n<\/ul>\t\t\t<\/nav>\n\t\t\t\t<\/div>\n\t\t\t\t<\/div>\n\t\t\t\t\t<\/div>\n\t\t<\/div>\n\t\t\t\t<div class=\"elementor-column elementor-col-33 elementor-top-column elementor-element elementor-element-64c8317f\" data-id=\"64c8317f\" data-element_type=\"column\">\n\t\t\t<div class=\"elementor-widget-wrap elementor-element-populated\">\n\t\t\t\t\t\t<div class=\"elementor-element elementor-element-10300cee elementor-widget elementor-widget-image\" data-id=\"10300cee\" data-element_type=\"widget\" data-widget_type=\"image.default\">\n\t\t\t\t<div class=\"elementor-widget-container\">\n\t\t\t\t\t\t\t\t\t\t\t\t\t\t<a href=\"http:\/\/www.tischlerei-langen.de\/ws\/startseite\/\">\n\t\t\t\t\t\t\t<img decoding=\"async\" width=\"280\" height=\"115\" src=\"https:\/\/www.tischlerei-langen.de\/ws\/wp-content\/uploads\/2021\/01\/Tischlerei-Langen-Rhede-Ems-logo.png\" class=\"attachment-full size-full wp-image-8\" alt=\"\" \/>\t\t\t\t\t\t\t\t<\/a>\n\t\t\t\t\t\t\t\t\t\t\t\t\t<\/div>\n\t\t\t\t<\/div>\n\t\t\t\t<div class=\"elementor-element elementor-element-216cb203 elementor-hidden-desktop elementor-nav-menu__text-align-center elementor-nav-menu--toggle elementor-nav-menu--burger elementor-widget elementor-widget-nav-menu\" data-id=\"216cb203\" data-element_type=\"widget\" data-settings=\"{&quot;layout&quot;:&quot;dropdown&quot;,&quot;submenu_icon&quot;:{&quot;value&quot;:&quot;&lt;i class=\\&quot;fas fa-caret-down\\&quot;&gt;&lt;\\\/i&gt;&quot;,&quot;library&quot;:&quot;fa-solid&quot;},&quot;toggle&quot;:&quot;burger&quot;}\" data-widget_type=\"nav-menu.default\">\n\t\t\t\t<div class=\"elementor-widget-container\">\n\t\t\t\t\t<div class=\"elementor-menu-toggle\" role=\"button\" tabindex=\"0\" aria-label=\"Men\u00fc Umschalter\" aria-expanded=\"false\">\n\t\t\t<i aria-hidden=\"true\" role=\"presentation\" class=\"elementor-menu-toggle__icon--open eicon-menu-bar\"><\/i><i aria-hidden=\"true\" role=\"presentation\" class=\"elementor-menu-toggle__icon--close eicon-close\"><\/i>\t\t\t<span class=\"elementor-screen-only\">Men\u00fc<\/span>\n\t\t<\/div>\n\t\t\t\t\t<nav class=\"elementor-nav-menu--dropdown elementor-nav-menu__container\" aria-hidden=\"true\">\n\t\t\t\t<ul id=\"menu-2-216cb203\" class=\"elementor-nav-menu\"><li class=\"menu-item menu-item-type-post_type menu-item-object-page menu-item-home menu-item-1940\"><a href=\"https:\/\/www.tischlerei-langen.de\/ws\/\" class=\"elementor-item\" tabindex=\"-1\">Startseite<\/a><\/li>\n<li class=\"menu-item menu-item-type-post_type menu-item-object-page menu-item-1939\"><a href=\"https:\/\/www.tischlerei-langen.de\/ws\/holztechnik_2\/\" class=\"elementor-item\" tabindex=\"-1\">Holztreppen \/ Schr\u00e4nke<\/a><\/li>\n<li class=\"menu-item menu-item-type-post_type menu-item-object-page menu-item-1941\"><a href=\"https:\/\/www.tischlerei-langen.de\/ws\/kunststofftechnik-2\/\" class=\"elementor-item\" tabindex=\"-1\">Fenster \/ T\u00fcren<\/a><\/li>\n<li class=\"menu-item menu-item-type-post_type menu-item-object-page menu-item-1942\"><a href=\"https:\/\/www.tischlerei-langen.de\/ws\/insektenschutz-2-2\/\" class=\"elementor-item\" tabindex=\"-1\">Fliegengitter<\/a><\/li>\n<li class=\"menu-item menu-item-type-post_type menu-item-object-page menu-item-1943\"><a href=\"https:\/\/www.tischlerei-langen.de\/ws\/kontakt\/\" class=\"elementor-item\" tabindex=\"-1\">Karriere | \u00dcber uns<\/a><\/li>\n<\/ul>\t\t\t<\/nav>\n\t\t\t\t<\/div>\n\t\t\t\t<\/div>\n\t\t\t\t\t<\/div>\n\t\t<\/div>\n\t\t\t\t<div class=\"elementor-column elementor-col-33 elementor-top-column elementor-element elementor-element-3c8286b2\" data-id=\"3c8286b2\" data-element_type=\"column\">\n\t\t\t<div class=\"elementor-widget-wrap elementor-element-populated\">\n\t\t\t\t\t\t<div class=\"elementor-element elementor-element-1e7fb839 elementor-nav-menu__align-justify elementor-hidden-tablet elementor-hidden-phone elementor-nav-menu--dropdown-tablet elementor-nav-menu__text-align-aside elementor-nav-menu--toggle elementor-nav-menu--burger elementor-widget elementor-widget-nav-menu\" data-id=\"1e7fb839\" data-element_type=\"widget\" data-settings=\"{&quot;submenu_icon&quot;:{&quot;value&quot;:&quot;&lt;i class=\\&quot;\\&quot;&gt;&lt;\\\/i&gt;&quot;,&quot;library&quot;:&quot;&quot;},&quot;layout&quot;:&quot;horizontal&quot;,&quot;toggle&quot;:&quot;burger&quot;}\" data-widget_type=\"nav-menu.default\">\n\t\t\t\t<div class=\"elementor-widget-container\">\n\t\t\t\t\t\t<nav class=\"elementor-nav-menu--main elementor-nav-menu__container elementor-nav-menu--layout-horizontal e--pointer-text e--animation-grow\">\n\t\t\t\t<ul id=\"menu-1-1e7fb839\" class=\"elementor-nav-menu\"><li class=\"menu-item menu-item-type-post_type menu-item-object-page menu-item-835\"><a href=\"https:\/\/www.tischlerei-langen.de\/ws\/?page_id=834\" class=\"elementor-item\">Insektenschutz<\/a><\/li>\n<li class=\"menu-item menu-item-type-post_type menu-item-object-page menu-item-863\"><a href=\"https:\/\/www.tischlerei-langen.de\/ws\/?page_id=862\" class=\"elementor-item\">\u00dcber uns<\/a><\/li>\n<\/ul>\t\t\t<\/nav>\n\t\t\t\t\t<div class=\"elementor-menu-toggle\" role=\"button\" tabindex=\"0\" aria-label=\"Men\u00fc Umschalter\" aria-expanded=\"false\">\n\t\t\t<i aria-hidden=\"true\" role=\"presentation\" class=\"elementor-menu-toggle__icon--open eicon-menu-bar\"><\/i><i aria-hidden=\"true\" role=\"presentation\" class=\"elementor-menu-toggle__icon--close eicon-close\"><\/i>\t\t\t<span class=\"elementor-screen-only\">Men\u00fc<\/span>\n\t\t<\/div>\n\t\t\t\t\t<nav class=\"elementor-nav-menu--dropdown elementor-nav-menu__container\" aria-hidden=\"true\">\n\t\t\t\t<ul id=\"menu-2-1e7fb839\" class=\"elementor-nav-menu\"><li class=\"menu-item menu-item-type-post_type menu-item-object-page menu-item-835\"><a href=\"https:\/\/www.tischlerei-langen.de\/ws\/?page_id=834\" class=\"elementor-item\" tabindex=\"-1\">Insektenschutz<\/a><\/li>\n<li class=\"menu-item menu-item-type-post_type menu-item-object-page menu-item-863\"><a href=\"https:\/\/www.tischlerei-langen.de\/ws\/?page_id=862\" class=\"elementor-item\" tabindex=\"-1\">\u00dcber uns<\/a><\/li>\n<\/ul>\t\t\t<\/nav>\n\t\t\t\t<\/div>\n\t\t\t\t<\/div>\n\t\t\t\t\t<\/div>\n\t\t<\/div>\n\t\t\t\t\t<\/div>\n\t\t<\/section>\n\t\t\t\t<section class=\"elementor-section elementor-top-section elementor-element elementor-element-a077af5 elementor-section-height-min-height elementor-section-stretched elementor-section-boxed elementor-section-height-default elementor-section-items-middle\" data-id=\"a077af5\" data-element_type=\"section\" data-settings=\"{&quot;stretch_section&quot;:&quot;section-stretched&quot;,&quot;background_background&quot;:&quot;slideshow&quot;,&quot;background_slideshow_gallery&quot;:[{&quot;id&quot;:31,&quot;url&quot;:&quot;http:\\\/\\\/www.tischlerei-langen.de\\\/ws\\\/wp-content\\\/uploads\\\/2021\\\/01\\\/Tischlerei-Langen-Kunststofftechnik-2-1.jpg&quot;},{&quot;id&quot;:32,&quot;url&quot;:&quot;http:\\\/\\\/www.tischlerei-langen.de\\\/ws\\\/wp-content\\\/uploads\\\/2021\\\/01\\\/tischlerei-langen-hero-fensterbau-koemmerling-profile.jpg&quot;},{&quot;id&quot;:33,&quot;url&quot;:&quot;http:\\\/\\\/www.tischlerei-langen.de\\\/ws\\\/wp-content\\\/uploads\\\/2021\\\/01\\\/Tischlerei-Langen-Fensterbau-in-Aktion-3.jpg&quot;},{&quot;id&quot;:34,&quot;url&quot;:&quot;http:\\\/\\\/www.tischlerei-langen.de\\\/ws\\\/wp-content\\\/uploads\\\/2021\\\/01\\\/Tischlerei-Langen-Fensterbau-in-Aktion.jpg&quot;},{&quot;id&quot;:&quot;19&quot;,&quot;url&quot;:&quot;http:\\\/\\\/www.tischlerei-langen.de\\\/ws\\\/wp-content\\\/uploads\\\/2021\\\/01\\\/tischlerei-langen-hero-fensterprofile.jpg&quot;}],&quot;background_slideshow_ken_burns&quot;:&quot;yes&quot;,&quot;background_slideshow_ken_burns_zoom_direction&quot;:&quot;out&quot;,&quot;background_slideshow_loop&quot;:&quot;yes&quot;,&quot;background_slideshow_slide_duration&quot;:5000,&quot;background_slideshow_slide_transition&quot;:&quot;fade&quot;,&quot;background_slideshow_transition_duration&quot;:500}\">\n\t\t\t\t\t\t\t<div class=\"elementor-background-overlay\"><\/div>\n\t\t\t\t\t\t\t<div class=\"elementor-container elementor-column-gap-default\">\n\t\t\t\t\t<div class=\"elementor-column elementor-col-100 elementor-top-column elementor-element elementor-element-379913ae\" data-id=\"379913ae\" data-element_type=\"column\">\n\t\t\t<div class=\"elementor-widget-wrap\">\n\t\t\t\t\t\t\t<\/div>\n\t\t<\/div>\n\t\t\t\t\t<\/div>\n\t\t<\/section>\n\t\t\t\t<section class=\"elementor-section elementor-top-section elementor-element elementor-element-6a5bc884 elementor-section-boxed elementor-section-height-default elementor-section-height-default\" data-id=\"6a5bc884\" data-element_type=\"section\">\n\t\t\t\t\t\t<div class=\"elementor-container elementor-column-gap-default\">\n\t\t\t\t\t<div class=\"elementor-column elementor-col-100 elementor-top-column elementor-element elementor-element-b32caeb\" data-id=\"b32caeb\" data-element_type=\"column\">\n\t\t\t<div class=\"elementor-widget-wrap elementor-element-populated\">\n\t\t\t\t\t\t<div class=\"elementor-element elementor-element-59e5519d elementor-widget elementor-widget-heading\" data-id=\"59e5519d\" data-element_type=\"widget\" data-widget_type=\"heading.default\">\n\t\t\t\t<div class=\"elementor-widget-container\">\n\t\t\t<h2 class=\"elementor-heading-title elementor-size-default\">Perfekt in D\u00e4mmung und \u00c4sthetik<\/h2>\t\t<\/div>\n\t\t\t\t<\/div>\n\t\t\t\t<div class=\"elementor-element elementor-element-21567e37 elementor-widget elementor-widget-text-editor\" data-id=\"21567e37\" data-element_type=\"widget\" data-widget_type=\"text-editor.default\">\n\t\t\t\t<div class=\"elementor-widget-container\">\n\t\t\t\t\t\t\t<p><strong>Kunststoff-Fenster<\/strong><br \/>Fenstern sieht man es nicht an, welche Technik in ihnen steckt. Doch gerade hier kommen die Qualit\u00e4tsunterschiede zum Tragen. Wir verarbeiten nur hochwertigste und umweltfreundliche Markenprodukte.<\/p><p><strong>Mitteldichtung<\/strong><br \/>Wir verwenden Profilsysteme mit \u201eunsichtbarer\u201c Mitteldichtung, die einen hohen D\u00e4mmwert besitzen. Die weiteren Vorteile: Die Mitteldichtung ist innenliegend und damit vor sch\u00e4dlichen Witterungseinfl\u00fcssen gesch\u00fctzt, sie ist durchgehend und bietet hervorragenden Feuchtigkeitsschutz. Und: Die Optik der Fenster wird aufgewertet.<\/p><p><strong>Profile<\/strong><br \/>Unsere Profile besitzen ein geradliniges, schlankes Design. Sie erm\u00f6glichen formsch\u00f6ne Fenster-L\u00f6sungen mit gro\u00dfen Glasfl\u00e4chen. Besonders wichtig sind uns auch die inneren Werte. Wir verarbeiten zwei Varianten von Profilen: <strong>K\u00d6MMERLING 76<\/strong> und <strong>K\u00d6MMERLING 88<\/strong>.<\/p>\t\t\t\t\t\t<\/div>\n\t\t\t\t<\/div>\n\t\t\t\t<section class=\"elementor-section elementor-inner-section elementor-element elementor-element-75f6edd9 elementor-section-boxed elementor-section-height-default elementor-section-height-default\" data-id=\"75f6edd9\" data-element_type=\"section\">\n\t\t\t\t\t\t<div class=\"elementor-container elementor-column-gap-default\">\n\t\t\t\t\t<div class=\"elementor-column elementor-col-50 elementor-inner-column elementor-element elementor-element-7d8fe33\" data-id=\"7d8fe33\" data-element_type=\"column\">\n\t\t\t<div class=\"elementor-widget-wrap elementor-element-populated\">\n\t\t\t\t\t\t<div class=\"elementor-element elementor-element-2542603a elementor-widget elementor-widget-image\" data-id=\"2542603a\" data-element_type=\"widget\" data-widget_type=\"image.default\">\n\t\t\t\t<div class=\"elementor-widget-container\">\n\t\t\t\t\t\t\t\t\t\t\t\t\t<img fetchpriority=\"high\" decoding=\"async\" width=\"800\" height=\"800\" src=\"https:\/\/www.tischlerei-langen.de\/ws\/wp-content\/uploads\/2021\/01\/24_System-76-MD-Standard_weiss_web.jpg\" class=\"attachment-large size-large wp-image-35\" alt=\"\" srcset=\"https:\/\/www.tischlerei-langen.de\/ws\/wp-content\/uploads\/2021\/01\/24_System-76-MD-Standard_weiss_web.jpg 1000w, https:\/\/www.tischlerei-langen.de\/ws\/wp-content\/uploads\/2021\/01\/24_System-76-MD-Standard_weiss_web-300x300.jpg 300w, https:\/\/www.tischlerei-langen.de\/ws\/wp-content\/uploads\/2021\/01\/24_System-76-MD-Standard_weiss_web-150x150.jpg 150w, https:\/\/www.tischlerei-langen.de\/ws\/wp-content\/uploads\/2021\/01\/24_System-76-MD-Standard_weiss_web-768x768.jpg 768w\" sizes=\"(max-width: 800px) 100vw, 800px\" \/>\t\t\t\t\t\t\t\t\t\t\t\t\t<\/div>\n\t\t\t\t<\/div>\n\t\t\t\t\t<\/div>\n\t\t<\/div>\n\t\t\t\t<div class=\"elementor-column elementor-col-50 elementor-inner-column elementor-element elementor-element-4ed1bb1\" data-id=\"4ed1bb1\" data-element_type=\"column\">\n\t\t\t<div class=\"elementor-widget-wrap elementor-element-populated\">\n\t\t\t\t\t\t<div class=\"elementor-element elementor-element-15bf8eb elementor-widget elementor-widget-text-editor\" data-id=\"15bf8eb\" data-element_type=\"widget\" data-widget_type=\"text-editor.default\">\n\t\t\t\t<div class=\"elementor-widget-container\">\n\t\t\t\t\t\t\t<p><strong>K\u00d6MMERLING 76 MD<br \/><\/strong><br \/>Die K\u00d6MMERLING 76-Mitteldichtung bietet Ihnen alle Vorteile moderner Fenster. Das Mitteldichtungsdichtungssystem mit sechs Kammern und einer Bautiefe von 76 mm besticht durch modernes Design und perfekte Profilproportionen. \u00dcber die Funktion, Bauphysik und D\u00e4mmwerte bis hin zum Umweltschutz und der Werterhaltung erf\u00fcllt es die heutigen und vor allem zuk\u00fcnftigen Anspr\u00fcche. Die Konstruktion von K\u00d6MMERLING 76-Mitteldichtung ist so innovativ gestaltet, dass moderne 3-fach-Verglasungen oder spezielle Funktionsgl\u00e4ser bis 50 mm Dicke eingesetzt werden k\u00f6nnen. Dank intelligenter Befestigungstechniken erfolgt der fachm\u00e4nnische Einbau schnell, sauber und ohne gro\u00dfen Aufwand. Der Austausch alter Fenster gegen neue moderne Fenster mit K\u00d6MMERLING 76-Anschlagdichtung ist also eine saubere Angelegenheit.<\/p><p>Schon in der Standard-Ausf\u00fchrung erf\u00fcllt das System die Anforderungen f\u00fcr Niedrig-Energieh\u00e4user \u2013 Uf-Wert = 1,0 W\/(m\u00b2K). Die intelligente Gesamtkonstruktion steigert W\u00e4rme- und Schalld\u00e4mmung betr\u00e4chtlich, Sie profitieren von mehr Lebensqualit\u00e4t, Wirtschaftlichkeit und Sicherheit.<\/p>\t\t\t\t\t\t<\/div>\n\t\t\t\t<\/div>\n\t\t\t\t\t<\/div>\n\t\t<\/div>\n\t\t\t\t\t<\/div>\n\t\t<\/section>\n\t\t\t\t<section class=\"elementor-section elementor-inner-section elementor-element elementor-element-7d4ef17a elementor-section-boxed elementor-section-height-default elementor-section-height-default\" data-id=\"7d4ef17a\" data-element_type=\"section\">\n\t\t\t\t\t\t<div class=\"elementor-container elementor-column-gap-default\">\n\t\t\t\t\t<div class=\"elementor-column elementor-col-50 elementor-inner-column elementor-element elementor-element-627b3655\" data-id=\"627b3655\" data-element_type=\"column\">\n\t\t\t<div class=\"elementor-widget-wrap elementor-element-populated\">\n\t\t\t\t\t\t<div class=\"elementor-element elementor-element-372222e5 elementor-widget elementor-widget-text-editor\" data-id=\"372222e5\" data-element_type=\"widget\" data-widget_type=\"text-editor.default\">\n\t\t\t\t<div class=\"elementor-widget-container\">\n\t\t\t\t\t\t\t<p><strong>K\u00d6MMERLING 88<br \/><\/strong><br \/>Es ist das Premium-Fenster f\u00fcr eine neue Zeit: K\u00d6MMERLING 88. Zukunftsweisend in der W\u00e4rmed\u00e4mmung, Trendsetter im Design, Vorreiter in Qualit\u00e4t und Sicherheit. Und dank seiner Modularit\u00e4t und der innovativen Upgrade-Technologien bahnbrechend in der Individualit\u00e4t.<\/p><p>K\u00d6MMERLING 88 ist ein hochd\u00e4mmendes 7-Kammer-Mitteldichtungssystem mit der zeitgem\u00e4\u00dfen Bautiefe von 88 mm. Das System erzielt in der Standardausstattung bereits einen herausragenden Uf-Wert von 0,95 W\/(m\u00b2K) und erf\u00fcllt damit die hohen energetischen Anforderungen f\u00fcr Passivh\u00e4user. Das Besondere dabei: Im Gegensatz zu \u00e4hnlichen L\u00f6sungen wird dieser Wert mit der Stahlverst\u00e4rkung f\u00fcr maximale Elementgr\u00f6\u00dfen und dar\u00fcber hinaus auch bei farbigen Profilen erreicht.<\/p><p>Doch nicht nur energetisch \u00fcberzeugt die neue Profilgeneration, auch architektonisch blicken wir damit in die Zukunft: Die stabile Konstruktion nimmt 3-fach-Verglasungen oder modernste Funktionsgl\u00e4ser bis 58 mm Dicke auf. K\u00d6MMERLING 88 erm\u00f6glicht gro\u00dfe Fensterfl\u00e4chen f\u00fcr eine attraktive Fassadengestaltung bei gleichzeitig hervorragenden Schallschutzwerten. Hinzu kommt, dass bei gro\u00dfen Fensterfl\u00e4chen die solaren Zugewinne \u2013 insbesondere zur kalten Jahreszeit \u2013 den Energiebedarf und somit den CO2-Aussto\u00df zus\u00e4tzlich minimieren.<\/p>\t\t\t\t\t\t<\/div>\n\t\t\t\t<\/div>\n\t\t\t\t\t<\/div>\n\t\t<\/div>\n\t\t\t\t<div class=\"elementor-column elementor-col-50 elementor-inner-column elementor-element elementor-element-350eb7f\" data-id=\"350eb7f\" data-element_type=\"column\">\n\t\t\t<div class=\"elementor-widget-wrap elementor-element-populated\">\n\t\t\t\t\t\t<div class=\"elementor-element elementor-element-2efd525f elementor-widget elementor-widget-image\" data-id=\"2efd525f\" data-element_type=\"widget\" data-widget_type=\"image.default\">\n\t\t\t\t<div class=\"elementor-widget-container\">\n\t\t\t\t\t\t\t\t\t\t\t\t\t<img decoding=\"async\" width=\"800\" height=\"800\" src=\"https:\/\/www.tischlerei-langen.de\/ws\/wp-content\/uploads\/2021\/01\/38_System-88-MD-Standard_weiss_web.jpg\" class=\"attachment-large size-large wp-image-36\" alt=\"\" srcset=\"https:\/\/www.tischlerei-langen.de\/ws\/wp-content\/uploads\/2021\/01\/38_System-88-MD-Standard_weiss_web.jpg 1000w, https:\/\/www.tischlerei-langen.de\/ws\/wp-content\/uploads\/2021\/01\/38_System-88-MD-Standard_weiss_web-300x300.jpg 300w, https:\/\/www.tischlerei-langen.de\/ws\/wp-content\/uploads\/2021\/01\/38_System-88-MD-Standard_weiss_web-150x150.jpg 150w, https:\/\/www.tischlerei-langen.de\/ws\/wp-content\/uploads\/2021\/01\/38_System-88-MD-Standard_weiss_web-768x768.jpg 768w\" sizes=\"(max-width: 800px) 100vw, 800px\" \/>\t\t\t\t\t\t\t\t\t\t\t\t\t<\/div>\n\t\t\t\t<\/div>\n\t\t\t\t\t<\/div>\n\t\t<\/div>\n\t\t\t\t\t<\/div>\n\t\t<\/section>\n\t\t\t\t<div class=\"elementor-element elementor-element-2f71f1bc elementor-widget elementor-widget-text-editor\" data-id=\"2f71f1bc\" data-element_type=\"widget\" data-widget_type=\"text-editor.default\">\n\t\t\t\t<div class=\"elementor-widget-container\">\n\t\t\t\t\t\t\t<p>Lassen Sie sich vom K\u00d6MMERLING-Farbprogramm inspirieren. W\u00e4hlen Sie zwischen neutral PVC wei\u00df, Folienfarben glatt oder genarbt in Holzstrukturen, Uni- oder Metallicfarben.<\/p><p>Unser greenline-Grundsatz: Energieeffiziente Fenstersysteme, bleifreie Stabilisatoren im Frischmaterial und intelligente Recycling-Konzepte sorgen f\u00fcr ein Plus an Nachhaltigkeit.<\/p>\t\t\t\t\t\t<\/div>\n\t\t\t\t<\/div>\n\t\t\t\t<section class=\"elementor-section elementor-inner-section elementor-element elementor-element-219d7740 elementor-section-boxed elementor-section-height-default elementor-section-height-default\" data-id=\"219d7740\" data-element_type=\"section\">\n\t\t\t\t\t\t<div class=\"elementor-container elementor-column-gap-default\">\n\t\t\t\t\t<div class=\"elementor-column elementor-col-50 elementor-inner-column elementor-element elementor-element-303ed546\" data-id=\"303ed546\" data-element_type=\"column\">\n\t\t\t<div class=\"elementor-widget-wrap elementor-element-populated\">\n\t\t\t\t\t\t<div class=\"elementor-element elementor-element-4c0d3bdd elementor-widget elementor-widget-image\" data-id=\"4c0d3bdd\" data-element_type=\"widget\" data-widget_type=\"image.default\">\n\t\t\t\t<div class=\"elementor-widget-container\">\n\t\t\t\t\t\t\t\t\t\t\t\t\t\t<a href=\"https:\/\/www.koemmerling.com\/de\/\">\n\t\t\t\t\t\t\t<img loading=\"lazy\" decoding=\"async\" width=\"500\" height=\"90\" src=\"https:\/\/www.tischlerei-langen.de\/ws\/wp-content\/uploads\/2021\/01\/KOE_Logo_RGB.png\" class=\"attachment-large size-large wp-image-37\" alt=\"\" srcset=\"https:\/\/www.tischlerei-langen.de\/ws\/wp-content\/uploads\/2021\/01\/KOE_Logo_RGB.png 500w, https:\/\/www.tischlerei-langen.de\/ws\/wp-content\/uploads\/2021\/01\/KOE_Logo_RGB-300x54.png 300w\" sizes=\"(max-width: 500px) 100vw, 500px\" \/>\t\t\t\t\t\t\t\t<\/a>\n\t\t\t\t\t\t\t\t\t\t\t\t\t<\/div>\n\t\t\t\t<\/div>\n\t\t\t\t\t<\/div>\n\t\t<\/div>\n\t\t\t\t<div class=\"elementor-column elementor-col-50 elementor-inner-column elementor-element elementor-element-3b5e43d9\" data-id=\"3b5e43d9\" data-element_type=\"column\">\n\t\t\t<div class=\"elementor-widget-wrap elementor-element-populated\">\n\t\t\t\t\t\t<div class=\"elementor-element elementor-element-61a5d8eb elementor-widget elementor-widget-image\" data-id=\"61a5d8eb\" data-element_type=\"widget\" data-widget_type=\"image.default\">\n\t\t\t\t<div class=\"elementor-widget-container\">\n\t\t\t\t\t\t\t\t\t\t\t\t\t<img loading=\"lazy\" decoding=\"async\" width=\"150\" height=\"41\" src=\"https:\/\/www.tischlerei-langen.de\/ws\/wp-content\/uploads\/2021\/01\/greenline.png\" class=\"attachment-large size-large wp-image-38\" alt=\"\" \/>\t\t\t\t\t\t\t\t\t\t\t\t\t<\/div>\n\t\t\t\t<\/div>\n\t\t\t\t\t<\/div>\n\t\t<\/div>\n\t\t\t\t\t<\/div>\n\t\t<\/section>\n\t\t\t\t\t<\/div>\n\t\t<\/div>\n\t\t\t\t\t<\/div>\n\t\t<\/section>\n\t\t\t\t<section class=\"elementor-section elementor-top-section elementor-element elementor-element-2633ab5d elementor-section-boxed elementor-section-height-default elementor-section-height-default\" data-id=\"2633ab5d\" data-element_type=\"section\">\n\t\t\t\t\t\t<div class=\"elementor-container elementor-column-gap-default\">\n\t\t\t\t\t<div class=\"elementor-column elementor-col-100 elementor-top-column elementor-element elementor-element-3348b1e5\" data-id=\"3348b1e5\" data-element_type=\"column\">\n\t\t\t<div class=\"elementor-widget-wrap elementor-element-populated\">\n\t\t\t\t\t\t<div class=\"elementor-element elementor-element-775ff637 elementor-widget elementor-widget-text-editor\" data-id=\"775ff637\" data-element_type=\"widget\" data-widget_type=\"text-editor.default\">\n\t\t\t\t<div class=\"elementor-widget-container\">\n\t\t\t\t\t\t\t<p><a href=\"https:\/\/www.tischlerei-langen.de\/ws\/impressum\/\">Impressum<\/a> | <a href=\"https:\/\/www.tischlerei-langen.de\/ws\/datenschutz\/\">Datenschutzerkl\u00e4rung<\/a><\/p>\t\t\t\t\t\t<\/div>\n\t\t\t\t<\/div>\n\t\t\t\t\t<\/div>\n\t\t<\/div>\n\t\t\t\t\t<\/div>\n\t\t<\/section>\n\t\t\t\t<section class=\"elementor-section elementor-top-section elementor-element elementor-element-17a6facc elementor-section-full_width elementor-section-height-default elementor-section-height-default elementor-invisible\" data-id=\"17a6facc\" data-element_type=\"section\" data-settings=\"{&quot;motion_fx_motion_fx_scrolling&quot;:&quot;yes&quot;,&quot;motion_fx_range&quot;:&quot;page&quot;,&quot;sticky&quot;:&quot;bottom&quot;,&quot;sticky_offset&quot;:15,&quot;animation&quot;:&quot;fadeInLeft&quot;,&quot;motion_fx_devices&quot;:[&quot;desktop&quot;,&quot;tablet&quot;,&quot;mobile&quot;],&quot;sticky_on&quot;:[&quot;desktop&quot;,&quot;tablet&quot;,&quot;mobile&quot;],&quot;sticky_effects_offset&quot;:0}\">\n\t\t\t\t\t\t<div class=\"elementor-container elementor-column-gap-default\">\n\t\t\t\t\t<div class=\"elementor-column elementor-col-50 elementor-top-column elementor-element elementor-element-7aa61741\" data-id=\"7aa61741\" data-element_type=\"column\">\n\t\t\t<div class=\"elementor-widget-wrap elementor-element-populated\">\n\t\t\t\t\t\t<div class=\"elementor-element elementor-element-2ad6728c elementor-view-default elementor-widget elementor-widget-icon\" data-id=\"2ad6728c\" data-element_type=\"widget\" data-widget_type=\"icon.default\">\n\t\t\t\t<div class=\"elementor-widget-container\">\n\t\t\t\t\t<div class=\"elementor-icon-wrapper\">\n\t\t\t<a class=\"elementor-icon elementor-animation-grow\" href=\"tel:+494964957110\">\n\t\t\t<i aria-hidden=\"true\" class=\"icon icon-phone-call2\"><\/i>\t\t\t<\/a>\n\t\t<\/div>\n\t\t\t\t<\/div>\n\t\t\t\t<\/div>\n\t\t\t\t\t<\/div>\n\t\t<\/div>\n\t\t\t\t<div class=\"elementor-column elementor-col-50 elementor-top-column elementor-element elementor-element-3c88ee9a\" data-id=\"3c88ee9a\" data-element_type=\"column\">\n\t\t\t<div class=\"elementor-widget-wrap\">\n\t\t\t\t\t\t\t<\/div>\n\t\t<\/div>\n\t\t\t\t\t<\/div>\n\t\t<\/section>\n\t\t\t\t<\/div>\n\t\t","protected":false},"excerpt":{"rendered":"<p>Perfekt in D\u00e4mmung und \u00c4sthetik Kunststoff-FensterFenstern sieht man es nicht an, welche Technik in ihnen steckt. Doch gerade hier kommen die Qualit\u00e4tsunterschiede zum Tragen. Wir verarbeiten nur hochwertigste und umweltfreundliche Markenprodukte. MitteldichtungWir verwenden Profilsysteme mit \u201eunsichtbarer\u201c Mitteldichtung, die einen hohen D\u00e4mmwert besitzen. Die weiteren Vorteile: Die Mitteldichtung ist innenliegend und damit vor sch\u00e4dlichen Witterungseinfl\u00fcssen gesch\u00fctzt, [&hellip;]<\/p>\n","protected":false},"author":1,"featured_media":0,"parent":0,"menu_order":0,"comment_status":"closed","ping_status":"closed","template":"elementor_canvas","meta":{"footnotes":""},"class_list":["post-914","page","type-page","status-publish","hentry"],"_links":{"self":[{"href":"https:\/\/www.tischlerei-langen.de\/ws\/wp-json\/wp\/v2\/pages\/914","targetHints":{"allow":["GET"]}}],"collection":[{"href":"https:\/\/www.tischlerei-langen.de\/ws\/wp-json\/wp\/v2\/pages"}],"about":[{"href":"https:\/\/www.tischlerei-langen.de\/ws\/wp-json\/wp\/v2\/types\/page"}],"author":[{"embeddable":true,"href":"https:\/\/www.tischlerei-langen.de\/ws\/wp-json\/wp\/v2\/users\/1"}],"replies":[{"embeddable":true,"href":"https:\/\/www.tischlerei-langen.de\/ws\/wp-json\/wp\/v2\/comments?post=914"}],"version-history":[{"count":32,"href":"https:\/\/www.tischlerei-langen.de\/ws\/wp-json\/wp\/v2\/pages\/914\/revisions"}],"predecessor-version":[{"id":1379,"href":"https:\/\/www.tischlerei-langen.de\/ws\/wp-json\/wp\/v2\/pages\/914\/revisions\/1379"}],"wp:attachment":[{"href":"https:\/\/www.tischlerei-langen.de\/ws\/wp-json\/wp\/v2\/media?parent=914"}],"curies":[{"name":"wp","href":"https:\/\/api.w.org\/{rel}","templated":true}]}}